{"id":17933,"date":"2026-01-17T12:38:28","date_gmt":"2026-01-17T12:38:28","guid":{"rendered":"https:\/\/conventodasertahotel.pt\/?page_id=17933"},"modified":"2026-02-28T17:50:54","modified_gmt":"2026-02-28T17:50:54","slug":"pascoa-2026","status":"publish","type":"page","link":"https:\/\/conventodasertahotel.pt\/en\/pascoa-2026\/","title":{"rendered":"p\u00e1scoa 2026"},"content":{"rendered":"<div  data-mk-stretch-content=\"true\" class=\"wpb_row vc_row vc_row-fluid jupiter-donut- mk-fullwidth-false  attched-false     js-master-row  mk-grid\">\n\t\t\t\t\n<div class=\"vc_col-sm-12 wpb_column column_container  jupiter-donut- _ jupiter-donut-height-full\">\n\t<div class=\"vc_empty_space\"   style=\"height: 32px\"><span class=\"vc_empty_space_inner\"><\/span><\/div><\/div>\n\t<\/div>\n\n<div  data-mk-stretch-content=\"true\" class=\"wpb_row vc_row vc_row-fluid jupiter-donut- mk-fullwidth-false  attched-false     js-master-row  mk-grid\">\n\t\t\t\t\n<div class=\"vc_col-sm-6 wpb_column column_container  jupiter-donut- _ jupiter-donut-height-full\">\n\t\n\t<div  class=\"wpb_single_image wpb_content_element vc_align_center\">\n\t\t\n\t\t<figure class=\"wpb_wrapper vc_figure\">\n\t\t\t<div class=\"vc_single_image-wrapper   vc_box_border_grey\"><img loading=\"lazy\" decoding=\"async\" class=\"vc_single_image-img\" src=\"https:\/\/conventodasertahotel.pt\/wp-content\/uploads\/2026\/01\/Pascoa.avif\" width=\"842\" height=\"595\" alt=\"Pascoa\" title=\"Pascoa\" \/><\/div>\n\t\t<\/figure>\n\t<\/div>\n<\/div>\n\n<div class=\"vc_col-sm-6 wpb_column column_container  jupiter-donut- _ jupiter-donut-height-full\">\n\t\t<div class=\"vc_custom_1772301039810\">\n\n<div id=\"text-block-4\" class=\"mk-text-block  jupiter-donut-\">\n\n\t\n\t<h2 style=\"text-align: left;\">P\u00e1scoa no Convento 2026<\/h2>\n<p style=\"text-align: justify;\">No Convento da Sert\u00e3 Hotel, a P\u00e1scoa vive-se com tempo.<br \/>\nQue as noites lhe tragam renova\u00e7\u00e3o e descanso, com o conforto dos nossos quartos, boa gastronomia beir\u00e3 e experi\u00eancias que perdurem na mem\u00f3ria.<\/p>\n<p>Dia 4 Mar\u00e7o \u00e0s 18h00- Easterlight (<a href=\"https:\/\/conventodasertahotel.pt\/en\/exposicao\/\">ver mais<\/a>)<\/p>\n<ul>\n<li style=\"list-style-type: none;\">\n<ul>\n<li>01 ou 02 noites de alojamento no Convento da Sert\u00e3 Hotel, com pequeno-almo\u00e7o buffet regional inclu\u00eddo<\/li>\n<li>Cortesia no quarto: sele\u00e7\u00e3o de am\u00eandoas<\/li>\n<li>Ch\u00e1 da Clara no Claustro com biscoitos da Mercearia do Largo<\/li>\n<li>Almo\u00e7o de P\u00e1scoa no nosso restaurante Ponte Velha (bebidas n\u00e3o inclu\u00eddas)<\/li>\n<li>Late check out (mediante disponibilidade)<\/li>\n<\/ul>\n<\/li>\n<\/ul>\n<p><strong>Valor da experi\u00eancia:<\/strong><br \/>\nUma noite &#8211; \u20ac110,00 por pessoa (Total: \u20ac220,00)<br \/>\nDuas noites &#8211; \u20ac162,50 por pessoa (Total: \u20ac325,00)<\/p>\n<p style=\"text-align: justify;\">Para mais informa\u00e7\u00f5es, contacte-nos atrav\u00e9s do telefone 274 608 493 ou do email geral@conventodasertahotel.pt.<\/p>\n<p>Programa sujeito a reserva pr\u00e9via e disponibilidade do hotel, n\u00e3o acumul\u00e1vel com outras ofertas. Este programa pode ser alterado sem aviso pr\u00e9vio.<br \/>\nVAT included at the legal rate<br \/>\nMais informa\u00e7\u00f5es: 274 608 493 \u2013 Chamada para rede fixa nacional | geral@conventodasertahotel.pt<\/p>\n\n\t<div class=\"clearboth\"><\/div>\n<\/div>\n\n\t<\/div>\n<\/div>\n\t<\/div>","protected":false},"excerpt":{"rendered":"P\u00e1scoa no Convento 2026 No Convento da Sert\u00e3 Hotel, a P\u00e1scoa vive-se com tempo. Que as noites lhe tragam renova\u00e7\u00e3o e descanso, com o conforto dos nossos quartos, boa gastronomia beir\u00e3 e experi\u00eancias que perdurem na mem\u00f3ria. Dia 4 Mar\u00e7o \u00e0s 18h00- Easterlight (ver mais) 01 ou 02 noites de alojamento no Convento da Sert\u00e3 [...]","protected":false},"author":1,"featured_media":0,"parent":0,"menu_order":0,"comment_status":"closed","ping_status":"closed","template":"","meta":{"footnotes":""},"class_list":["post-17933","page","type-page","status-publish","hentry"],"yoast_head":"<!-- This site is optimized with the Yoast SEO plugin v27.1.1 - https:\/\/yoast.com\/product\/yoast-seo-wordpress\/ -->\n<title>p\u00e1scoa 2026 - Convento da Sert\u00e3<\/title>\n<meta name=\"robots\" content=\"index, follow, max-snippet:-1, max-image-preview:large, max-video-preview:-1\" \/>\n<link rel=\"canonical\" href=\"https:\/\/conventodasertahotel.pt\/en\/pascoa-2026\/\" \/>\n<meta property=\"og:locale\" content=\"en_US\" \/>\n<meta property=\"og:type\" content=\"article\" \/>\n<meta property=\"og:title\" content=\"p\u00e1scoa 2026 - Convento da Sert\u00e3\" \/>\n<meta property=\"og:url\" content=\"https:\/\/conventodasertahotel.pt\/en\/pascoa-2026\/\" \/>\n<meta property=\"og:site_name\" content=\"Convento da Sert\u00e3\" \/>\n<meta property=\"article:publisher\" content=\"https:\/\/www.facebook.com\/conventodasertahotel\/\" \/>\n<meta property=\"article:modified_time\" content=\"2026-02-28T17:50:54+00:00\" \/>\n<meta name=\"twitter:card\" content=\"summary_large_image\" \/>\n<meta name=\"twitter:site\" content=\"@conventohotel\" \/>\n<meta name=\"twitter:label1\" content=\"Est. reading time\" \/>\n\t<meta name=\"twitter:data1\" content=\"1 minute\" \/>\n<script type=\"application\/ld+json\" class=\"yoast-schema-graph\">{\"@context\":\"https:\/\/schema.org\",\"@graph\":[{\"@type\":\"WebPage\",\"@id\":\"https:\/\/conventodasertahotel.pt\/pascoa-2026\/\",\"url\":\"https:\/\/conventodasertahotel.pt\/pascoa-2026\/\",\"name\":\"p\u00e1scoa 2026 - Convento da Sert\u00e3\",\"isPartOf\":{\"@id\":\"https:\/\/conventodasertahotel.pt\/#website\"},\"datePublished\":\"2026-01-17T12:38:28+00:00\",\"dateModified\":\"2026-02-28T17:50:54+00:00\",\"breadcrumb\":{\"@id\":\"https:\/\/conventodasertahotel.pt\/pascoa-2026\/#breadcrumb\"},\"inLanguage\":\"en-US\",\"potentialAction\":[{\"@type\":\"ReadAction\",\"target\":[\"https:\/\/conventodasertahotel.pt\/pascoa-2026\/\"]}]},{\"@type\":\"BreadcrumbList\",\"@id\":\"https:\/\/conventodasertahotel.pt\/pascoa-2026\/#breadcrumb\",\"itemListElement\":[{\"@type\":\"ListItem\",\"position\":1,\"name\":\"In\u00edcio\",\"item\":\"https:\/\/conventodasertahotel.pt\/\"},{\"@type\":\"ListItem\",\"position\":2,\"name\":\"p\u00e1scoa 2026\"}]},{\"@type\":\"WebSite\",\"@id\":\"https:\/\/conventodasertahotel.pt\/#website\",\"url\":\"https:\/\/conventodasertahotel.pt\/\",\"name\":\"Convento da Sert\u00e3\",\"description\":\"Hotel\",\"publisher\":{\"@id\":\"https:\/\/conventodasertahotel.pt\/#organization\"},\"potentialAction\":[{\"@type\":\"SearchAction\",\"target\":{\"@type\":\"EntryPoint\",\"urlTemplate\":\"https:\/\/conventodasertahotel.pt\/?s={search_term_string}\"},\"query-input\":{\"@type\":\"PropertyValueSpecification\",\"valueRequired\":true,\"valueName\":\"search_term_string\"}}],\"inLanguage\":\"en-US\"},{\"@type\":\"Organization\",\"@id\":\"https:\/\/conventodasertahotel.pt\/#organization\",\"name\":\"Convento da Sert\u00e3\",\"url\":\"https:\/\/conventodasertahotel.pt\/\",\"logo\":{\"@type\":\"ImageObject\",\"inLanguage\":\"en-US\",\"@id\":\"https:\/\/conventodasertahotel.pt\/#\/schema\/logo\/image\/\",\"url\":\"https:\/\/conventodasertahotel.pt\/wp-content\/uploads\/2020\/07\/logo.gif\",\"contentUrl\":\"https:\/\/conventodasertahotel.pt\/wp-content\/uploads\/2020\/07\/logo.gif\",\"width\":367,\"height\":278,\"caption\":\"Convento da Sert\u00e3\"},\"image\":{\"@id\":\"https:\/\/conventodasertahotel.pt\/#\/schema\/logo\/image\/\"},\"sameAs\":[\"https:\/\/www.facebook.com\/conventodasertahotel\/\",\"https:\/\/x.com\/conventohotel\",\"https:\/\/www.youtube.com\/channel\/UCYcOnG408eQSTawxu_pIfXg\"]}]}<\/script>\n<!-- \/ Yoast SEO plugin. -->","yoast_head_json":{"title":"p\u00e1scoa 2026 - Convento da Sert\u00e3","robots":{"index":"index","follow":"follow","max-snippet":"max-snippet:-1","max-image-preview":"max-image-preview:large","max-video-preview":"max-video-preview:-1"},"canonical":"https:\/\/conventodasertahotel.pt\/en\/pascoa-2026\/","og_locale":"en_US","og_type":"article","og_title":"p\u00e1scoa 2026 - Convento da Sert\u00e3","og_url":"https:\/\/conventodasertahotel.pt\/en\/pascoa-2026\/","og_site_name":"Convento da Sert\u00e3","article_publisher":"https:\/\/www.facebook.com\/conventodasertahotel\/","article_modified_time":"2026-02-28T17:50:54+00:00","twitter_card":"summary_large_image","twitter_site":"@conventohotel","twitter_misc":{"Est. reading time":"1 minute"},"schema":{"@context":"https:\/\/schema.org","@graph":[{"@type":"WebPage","@id":"https:\/\/conventodasertahotel.pt\/pascoa-2026\/","url":"https:\/\/conventodasertahotel.pt\/pascoa-2026\/","name":"p\u00e1scoa 2026 - Convento da Sert\u00e3","isPartOf":{"@id":"https:\/\/conventodasertahotel.pt\/#website"},"datePublished":"2026-01-17T12:38:28+00:00","dateModified":"2026-02-28T17:50:54+00:00","breadcrumb":{"@id":"https:\/\/conventodasertahotel.pt\/pascoa-2026\/#breadcrumb"},"inLanguage":"en-US","potentialAction":[{"@type":"ReadAction","target":["https:\/\/conventodasertahotel.pt\/pascoa-2026\/"]}]},{"@type":"BreadcrumbList","@id":"https:\/\/conventodasertahotel.pt\/pascoa-2026\/#breadcrumb","itemListElement":[{"@type":"ListItem","position":1,"name":"In\u00edcio","item":"https:\/\/conventodasertahotel.pt\/"},{"@type":"ListItem","position":2,"name":"p\u00e1scoa 2026"}]},{"@type":"WebSite","@id":"https:\/\/conventodasertahotel.pt\/#website","url":"https:\/\/conventodasertahotel.pt\/","name":"Convento da Sert\u00e3","description":"Hotel","publisher":{"@id":"https:\/\/conventodasertahotel.pt\/#organization"},"potentialAction":[{"@type":"SearchAction","target":{"@type":"EntryPoint","urlTemplate":"https:\/\/conventodasertahotel.pt\/?s={search_term_string}"},"query-input":{"@type":"PropertyValueSpecification","valueRequired":true,"valueName":"search_term_string"}}],"inLanguage":"en-US"},{"@type":"Organization","@id":"https:\/\/conventodasertahotel.pt\/#organization","name":"Convento da Sert\u00e3","url":"https:\/\/conventodasertahotel.pt\/","logo":{"@type":"ImageObject","inLanguage":"en-US","@id":"https:\/\/conventodasertahotel.pt\/#\/schema\/logo\/image\/","url":"https:\/\/conventodasertahotel.pt\/wp-content\/uploads\/2020\/07\/logo.gif","contentUrl":"https:\/\/conventodasertahotel.pt\/wp-content\/uploads\/2020\/07\/logo.gif","width":367,"height":278,"caption":"Convento da Sert\u00e3"},"image":{"@id":"https:\/\/conventodasertahotel.pt\/#\/schema\/logo\/image\/"},"sameAs":["https:\/\/www.facebook.com\/conventodasertahotel\/","https:\/\/x.com\/conventohotel","https:\/\/www.youtube.com\/channel\/UCYcOnG408eQSTawxu_pIfXg"]}]}},"_links":{"self":[{"href":"https:\/\/conventodasertahotel.pt\/en\/wp-json\/wp\/v2\/pages\/17933","targetHints":{"allow":["GET"]}}],"collection":[{"href":"https:\/\/conventodasertahotel.pt\/en\/wp-json\/wp\/v2\/pages"}],"about":[{"href":"https:\/\/conventodasertahotel.pt\/en\/wp-json\/wp\/v2\/types\/page"}],"author":[{"embeddable":true,"href":"https:\/\/conventodasertahotel.pt\/en\/wp-json\/wp\/v2\/users\/1"}],"replies":[{"embeddable":true,"href":"https:\/\/conventodasertahotel.pt\/en\/wp-json\/wp\/v2\/comments?post=17933"}],"version-history":[{"count":7,"href":"https:\/\/conventodasertahotel.pt\/en\/wp-json\/wp\/v2\/pages\/17933\/revisions"}],"predecessor-version":[{"id":18335,"href":"https:\/\/conventodasertahotel.pt\/en\/wp-json\/wp\/v2\/pages\/17933\/revisions\/18335"}],"wp:attachment":[{"href":"https:\/\/conventodasertahotel.pt\/en\/wp-json\/wp\/v2\/media?parent=17933"}],"curies":[{"name":"wp","href":"https:\/\/api.w.org\/{rel}","templated":true}]}}