{"id":17834,"date":"2025-11-08T15:18:39","date_gmt":"2025-11-08T15:18:39","guid":{"rendered":"https:\/\/conventodasertahotel.pt\/?page_id=17834"},"modified":"2025-11-08T15:22:02","modified_gmt":"2025-11-08T15:22:02","slug":"videos","status":"publish","type":"page","link":"https:\/\/conventodasertahotel.pt\/en\/videos\/","title":{"rendered":"Videos"},"content":{"rendered":"<div  data-mk-full-width=\"true\" data-mk-full-width-init=\"false\" data-mk-stretch-content=\"true\" class=\"wpb_row vc_row vc_row-fluid jupiter-donut- mk-fullwidth-true  attched-false     js-master-row  mk-full-content-true\">\n\t\t\t\t\n<div class=\"vc_col-sm-12 wpb_column column_container  jupiter-donut- _ jupiter-donut-height-full\">\n\t<div class=\"vc_empty_space\"   style=\"height: 47px\"><span class=\"vc_empty_space_inner\"><\/span><\/div><\/div>\n\t<\/div>\n<div class=\"vc_row-full-width vc_clearfix\"><\/div>\n<div  data-mk-stretch-content=\"true\" class=\"wpb_row vc_row vc_row-fluid jupiter-donut- mk-fullwidth-false  attched-false     js-master-row  mk-grid\">\n\t\t\t\t\n<div class=\"vc_col-sm-6 wpb_column column_container  jupiter-donut- _ jupiter-donut-height-full\">\n\t<div class=\"wpb_video_widget  jupiter-donut-\">\n\t<div class=\"wpb_wrapper\" style=\"max-width:850px\">\n\t\t\t\t<div id=\"video-container-3\" class=\"video-container\" data-id=\"3\" data-source=\"social_hosted\" data-autoplay=\"0\" data-loop=\"0\" data-target=\"lightbox\" itemprop=\"video\" itemtype=\"https:\/\/schema.org\/VideoObject\" >\n\t\t\t<div id=\"video-player-3\" class=\"video-player\">\n\t\t\t<iframe loading=\"lazy\" id=\"iframe-player-3\" data-id=\"3\" title=\"Convento da Sert\u00e3 Hotel\" width=\"1140\" height=\"641\" src=\"https:\/\/www.youtube.com\/embed\/oBxmslR89SQ?feature=oembed\" frameborder=\"0\" allow=\"accelerometer; autoplay; encrypted-media; gyroscope; picture-in-picture\" allowfullscreen><\/iframe>\t\t\t<\/div>\n\t\t\t\t\t<\/div>\n\t<\/div>\n<\/div>\n<div class=\"vc_empty_space\"   style=\"height: 22px\"><span class=\"vc_empty_space_inner\"><\/span><\/div>\t<div class=\"vc_custom_1762614699154\">\n\n<div id=\"text-block-4\" class=\"mk-text-block  jupiter-donut-\">\n\n\t\n\t<p>O Convento da Sert\u00e3 Hotel disp\u00f5e de uma gama variada de servi\u00e7os, s\u00f3 poss\u00edveis numa unidade de grande qualidade.O hotel est\u00e1 situado na zona nobre da vila da Sert\u00e3, dispondo de um enquadramento paisag\u00edstico de exce\u00e7\u00e3o.<\/p>\n<p>&nbsp;<\/p>\n<p>&nbsp;<\/p>\n\n\t<div class=\"clearboth\"><\/div>\n<\/div>\n\n\t<\/div>\n<\/div>\n\n<div class=\"vc_col-sm-6 wpb_column column_container  jupiter-donut- _ jupiter-donut-height-full\">\n\t<div class=\"wpb_video_widget  jupiter-donut-\">\n\t<div class=\"wpb_wrapper\" style=\"max-width:850px\">\n\t\t\t\t<div id=\"video-container-6\" class=\"video-container\" data-id=\"6\" data-source=\"social_hosted\" data-autoplay=\"0\" data-loop=\"0\" data-target=\"lightbox\" itemprop=\"video\" itemtype=\"https:\/\/schema.org\/VideoObject\" >\n\t\t\t<div id=\"video-player-6\" class=\"video-player\">\n\t\t\t<iframe loading=\"lazy\" id=\"iframe-player-6\" data-id=\"6\" title=\"Convento da Sert\u00e3 Hotel e Casa da Cisterna\" width=\"1140\" height=\"641\" src=\"https:\/\/www.youtube.com\/embed\/jgLFndFTqGM?feature=oembed\" frameborder=\"0\" allow=\"accelerometer; autoplay; clipboard-write; encrypted-media; gyroscope; picture-in-picture; web-share\" referrerpolicy=\"strict-origin-when-cross-origin\" allowfullscreen><\/iframe>\t\t\t<\/div>\n\t\t\t\t\t<\/div>\n\t<\/div>\n<\/div>\n<div class=\"vc_empty_space\"   style=\"height: 22px\"><span class=\"vc_empty_space_inner\"><\/span><\/div>\t<div class=\"vc_custom_1762614970027\">\n\n<div id=\"text-block-7\" class=\"mk-text-block  jupiter-donut-\">\n\n\t\n\t<p>O Convento da Sert\u00e3 Hotel, na Sert\u00e3, e a Casa da Cisterna, na aldeia hist\u00f3rica de Castelo Rodrigo, uniram esfor\u00e7os e est\u00e3o a promover uma campanha conjunta que se prop\u00f5e dar a conhecer o potencial tur\u00edstico do interior portugu\u00eas. A campanha \u00abA Beleza est\u00e1 no Interior\u00bb compreende um tour de seis dias, que liga as vilas da Sert\u00e3 e de Castelo Rodrigo.<\/p>\n<p>&nbsp;<\/p>\n<p>&nbsp;<\/p>\n\n\t<div class=\"clearboth\"><\/div>\n<\/div>\n\n\t<\/div>\n<\/div>\n\t<\/div>\n\n<div  data-mk-stretch-content=\"true\" class=\"wpb_row vc_row vc_row-fluid jupiter-donut- mk-fullwidth-false  attched-false     js-master-row  mk-grid\">\n\t\t\t\t\n<div class=\"vc_col-sm-6 wpb_column column_container  jupiter-donut- _ jupiter-donut-height-full\">\n\t<div class=\"wpb_video_widget  jupiter-donut-\">\n\t<div class=\"wpb_wrapper\" style=\"max-width:850px\">\n\t\t\t\t<div id=\"video-container-9\" class=\"video-container\" data-id=\"9\" data-source=\"social_hosted\" data-autoplay=\"0\" data-loop=\"0\" data-target=\"lightbox\" itemprop=\"video\" itemtype=\"https:\/\/schema.org\/VideoObject\" >\n\t\t\t<div id=\"video-player-9\" class=\"video-player\">\n\t\t\t<iframe loading=\"lazy\" id=\"iframe-player-9\" data-id=\"9\" title=\"Estrada Nacional 2\" width=\"1140\" height=\"641\" src=\"https:\/\/www.youtube.com\/embed\/3nTcmUl4EoQ?feature=oembed\" frameborder=\"0\" allow=\"accelerometer; autoplay; clipboard-write; encrypted-media; gyroscope; picture-in-picture; web-share\" referrerpolicy=\"strict-origin-when-cross-origin\" allowfullscreen><\/iframe>\t\t\t<\/div>\n\t\t\t\t\t<\/div>\n\t<\/div>\n<\/div>\n<div class=\"vc_empty_space\"   style=\"height: 22px\"><span class=\"vc_empty_space_inner\"><\/span><\/div>\t<div class=\"vc_custom_1762615092325\">\n\n<div id=\"text-block-10\" class=\"mk-text-block  jupiter-donut-\">\n\n\t\n\t<p>O Convento da Sert\u00e3 Hotel elaborou um v\u00eddeo sobre a N2, que vai surpreend\u00ea-lo! N\u00e3o perca, ao segundo 46, o que o mocho-galego da nossa regi\u00e3o vai fazer para lhe despertar a aten\u00e7\u00e3o! A vila da Sert\u00e3 \u00e9 atravessada pela m\u00edtica estrada N2, que passa por quatro regi\u00f5es de turismo e 34 munic\u00edpios, ligando ao longo de 738 kms as cidades de Chaves e Faro.<\/p>\n<p>&nbsp;<\/p>\n<p>&nbsp;<\/p>\n\n\t<div class=\"clearboth\"><\/div>\n<\/div>\n\n\t<\/div>\n<\/div>\n\n<div class=\"vc_col-sm-6 wpb_column column_container  jupiter-donut- _ jupiter-donut-height-full\">\n\t<div class=\"wpb_video_widget  jupiter-donut-\">\n\t<div class=\"wpb_wrapper\" style=\"max-width:850px\">\n\t\t\t\t<div id=\"video-container-12\" class=\"video-container\" data-id=\"12\" data-source=\"social_hosted\" data-autoplay=\"0\" data-loop=\"0\" data-target=\"lightbox\" itemprop=\"video\" itemtype=\"https:\/\/schema.org\/VideoObject\" >\n\t\t\t<div id=\"video-player-12\" class=\"video-player\">\n\t\t\t<iframe loading=\"lazy\" id=\"iframe-player-12\" data-id=\"12\" title=\"Ingamba\" width=\"1140\" height=\"641\" src=\"https:\/\/www.youtube.com\/embed\/CHiQC3WeHPQ?feature=oembed\" frameborder=\"0\" allow=\"accelerometer; autoplay; encrypted-media; gyroscope; picture-in-picture\" allowfullscreen><\/iframe>\t\t\t<\/div>\n\t\t\t\t\t<\/div>\n\t<\/div>\n<\/div>\n<div class=\"vc_empty_space\"   style=\"height: 22px\"><span class=\"vc_empty_space_inner\"><\/span><\/div>\t<div class=\"vc_custom_1762615233198\">\n\n<div id=\"text-block-13\" class=\"mk-text-block  jupiter-donut-\">\n\n\t\n\t<p>A <strong data-start=\"510\" data-end=\"521\">Ingamba<\/strong> n\u00e3o \u00e9 apenas uma marca de bicicletas; \u00e9 um convite para viver a jornada de uma forma mais aut\u00eantica e enriquecedora. Seu lema, <strong data-start=\"649\" data-end=\"693\">&#8220;Eat up the miles, drink in the culture&#8221;<\/strong>, traduz perfeitamente a ess\u00eancia de suas bicicletas e do estilo de vida que elas prop\u00f5em: conquistar dist\u00e2ncias pedalando e absorver a riqueza cultural dos lugares por onde se passa.<\/p>\n<p>&nbsp;<\/p>\n<p>&nbsp;<\/p>\n\n\t<div class=\"clearboth\"><\/div>\n<\/div>\n\n\t<\/div>\n<\/div>\n\t<\/div>\n\n<div  data-mk-stretch-content=\"true\" class=\"wpb_row vc_row vc_row-fluid jupiter-donut- mk-fullwidth-false  attched-false     js-master-row  mk-grid\">\n\t\t\t\t\n<div class=\"vc_col-sm-12 wpb_column column_container  jupiter-donut- _ jupiter-donut-height-full\">\n\t<\/div>\n\t<\/div>","protected":false},"excerpt":{"rendered":"O Convento da Sert\u00e3 Hotel disp\u00f5e de uma gama variada de servi\u00e7os, s\u00f3 poss\u00edveis numa unidade de grande qualidade.O hotel est\u00e1 situado na zona nobre da vila da Sert\u00e3, dispondo de um enquadramento paisag\u00edstico de exce\u00e7\u00e3o. &nbsp; &nbsp; O Convento da Sert\u00e3 Hotel, na Sert\u00e3, e a Casa da Cisterna, na aldeia hist\u00f3rica de Castelo [...]","protected":false},"author":1,"featured_media":0,"parent":0,"menu_order":0,"comment_status":"closed","ping_status":"closed","template":"","meta":{"footnotes":""},"class_list":["post-17834","page","type-page","status-publish","hentry"],"yoast_head":"<!-- This site is optimized with the Yoast SEO plugin v27.1.1 - https:\/\/yoast.com\/product\/yoast-seo-wordpress\/ -->\n<title>Videos - Convento da Sert\u00e3<\/title>\n<meta name=\"description\" content=\"O Convento da Sert\u00e3 Hotel tem j\u00e1 dispon\u00edvel uma nova vers\u00e3o do seu Guia Tur\u00edstico.\" \/>\n<meta name=\"robots\" content=\"index, follow, max-snippet:-1, max-image-preview:large, max-video-preview:-1\" \/>\n<link rel=\"canonical\" href=\"https:\/\/conventodasertahotel.pt\/en\/videos\/\" \/>\n<meta property=\"og:locale\" content=\"en_US\" \/>\n<meta property=\"og:type\" content=\"article\" \/>\n<meta property=\"og:title\" content=\"Videos - Convento da Sert\u00e3\" \/>\n<meta property=\"og:description\" content=\"O Convento da Sert\u00e3 Hotel tem j\u00e1 dispon\u00edvel uma nova vers\u00e3o do seu Guia Tur\u00edstico.\" \/>\n<meta property=\"og:url\" content=\"https:\/\/conventodasertahotel.pt\/en\/videos\/\" \/>\n<meta property=\"og:site_name\" content=\"Convento da Sert\u00e3\" \/>\n<meta property=\"article:publisher\" content=\"https:\/\/www.facebook.com\/conventodasertahotel\/\" \/>\n<meta property=\"article:modified_time\" content=\"2025-11-08T15:22:02+00:00\" \/>\n<meta name=\"twitter:card\" content=\"summary_large_image\" \/>\n<meta name=\"twitter:site\" content=\"@conventohotel\" \/>\n<meta name=\"twitter:label1\" content=\"Est. reading time\" \/>\n\t<meta name=\"twitter:data1\" content=\"3 minutes\" \/>\n<script type=\"application\/ld+json\" class=\"yoast-schema-graph\">{\"@context\":\"https:\/\/schema.org\",\"@graph\":[{\"@type\":\"WebPage\",\"@id\":\"https:\/\/conventodasertahotel.pt\/videos\/\",\"url\":\"https:\/\/conventodasertahotel.pt\/videos\/\",\"name\":\"Videos - Convento da Sert\u00e3\",\"isPartOf\":{\"@id\":\"https:\/\/conventodasertahotel.pt\/#website\"},\"datePublished\":\"2025-11-08T15:18:39+00:00\",\"dateModified\":\"2025-11-08T15:22:02+00:00\",\"description\":\"O Convento da Sert\u00e3 Hotel tem j\u00e1 dispon\u00edvel uma nova vers\u00e3o do seu Guia Tur\u00edstico.\",\"breadcrumb\":{\"@id\":\"https:\/\/conventodasertahotel.pt\/videos\/#breadcrumb\"},\"inLanguage\":\"en-US\",\"potentialAction\":[{\"@type\":\"ReadAction\",\"target\":[\"https:\/\/conventodasertahotel.pt\/videos\/\"]}]},{\"@type\":\"BreadcrumbList\",\"@id\":\"https:\/\/conventodasertahotel.pt\/videos\/#breadcrumb\",\"itemListElement\":[{\"@type\":\"ListItem\",\"position\":1,\"name\":\"In\u00edcio\",\"item\":\"https:\/\/conventodasertahotel.pt\/\"},{\"@type\":\"ListItem\",\"position\":2,\"name\":\"Videos\"}]},{\"@type\":\"WebSite\",\"@id\":\"https:\/\/conventodasertahotel.pt\/#website\",\"url\":\"https:\/\/conventodasertahotel.pt\/\",\"name\":\"Convento da Sert\u00e3\",\"description\":\"Hotel\",\"publisher\":{\"@id\":\"https:\/\/conventodasertahotel.pt\/#organization\"},\"potentialAction\":[{\"@type\":\"SearchAction\",\"target\":{\"@type\":\"EntryPoint\",\"urlTemplate\":\"https:\/\/conventodasertahotel.pt\/?s={search_term_string}\"},\"query-input\":{\"@type\":\"PropertyValueSpecification\",\"valueRequired\":true,\"valueName\":\"search_term_string\"}}],\"inLanguage\":\"en-US\"},{\"@type\":\"Organization\",\"@id\":\"https:\/\/conventodasertahotel.pt\/#organization\",\"name\":\"Convento da Sert\u00e3\",\"url\":\"https:\/\/conventodasertahotel.pt\/\",\"logo\":{\"@type\":\"ImageObject\",\"inLanguage\":\"en-US\",\"@id\":\"https:\/\/conventodasertahotel.pt\/#\/schema\/logo\/image\/\",\"url\":\"https:\/\/conventodasertahotel.pt\/wp-content\/uploads\/2020\/07\/logo.gif\",\"contentUrl\":\"https:\/\/conventodasertahotel.pt\/wp-content\/uploads\/2020\/07\/logo.gif\",\"width\":367,\"height\":278,\"caption\":\"Convento da Sert\u00e3\"},\"image\":{\"@id\":\"https:\/\/conventodasertahotel.pt\/#\/schema\/logo\/image\/\"},\"sameAs\":[\"https:\/\/www.facebook.com\/conventodasertahotel\/\",\"https:\/\/x.com\/conventohotel\",\"https:\/\/www.youtube.com\/channel\/UCYcOnG408eQSTawxu_pIfXg\"]}]}<\/script>\n<!-- \/ Yoast SEO plugin. -->","yoast_head_json":{"title":"Videos - Convento da Sert\u00e3","description":"Convento da Sert\u00e3 Hotel now has a new version of its Tourist Guide available.","robots":{"index":"index","follow":"follow","max-snippet":"max-snippet:-1","max-image-preview":"max-image-preview:large","max-video-preview":"max-video-preview:-1"},"canonical":"https:\/\/conventodasertahotel.pt\/en\/videos\/","og_locale":"en_US","og_type":"article","og_title":"Videos - Convento da Sert\u00e3","og_description":"O Convento da Sert\u00e3 Hotel tem j\u00e1 dispon\u00edvel uma nova vers\u00e3o do seu Guia Tur\u00edstico.","og_url":"https:\/\/conventodasertahotel.pt\/en\/videos\/","og_site_name":"Convento da Sert\u00e3","article_publisher":"https:\/\/www.facebook.com\/conventodasertahotel\/","article_modified_time":"2025-11-08T15:22:02+00:00","twitter_card":"summary_large_image","twitter_site":"@conventohotel","twitter_misc":{"Est. reading time":"3 minutes"},"schema":{"@context":"https:\/\/schema.org","@graph":[{"@type":"WebPage","@id":"https:\/\/conventodasertahotel.pt\/videos\/","url":"https:\/\/conventodasertahotel.pt\/videos\/","name":"Videos - Convento da Sert\u00e3","isPartOf":{"@id":"https:\/\/conventodasertahotel.pt\/#website"},"datePublished":"2025-11-08T15:18:39+00:00","dateModified":"2025-11-08T15:22:02+00:00","description":"Convento da Sert\u00e3 Hotel now has a new version of its Tourist Guide available.","breadcrumb":{"@id":"https:\/\/conventodasertahotel.pt\/videos\/#breadcrumb"},"inLanguage":"en-US","potentialAction":[{"@type":"ReadAction","target":["https:\/\/conventodasertahotel.pt\/videos\/"]}]},{"@type":"BreadcrumbList","@id":"https:\/\/conventodasertahotel.pt\/videos\/#breadcrumb","itemListElement":[{"@type":"ListItem","position":1,"name":"In\u00edcio","item":"https:\/\/conventodasertahotel.pt\/"},{"@type":"ListItem","position":2,"name":"Videos"}]},{"@type":"WebSite","@id":"https:\/\/conventodasertahotel.pt\/#website","url":"https:\/\/conventodasertahotel.pt\/","name":"Convento da Sert\u00e3","description":"Hotel","publisher":{"@id":"https:\/\/conventodasertahotel.pt\/#organization"},"potentialAction":[{"@type":"SearchAction","target":{"@type":"EntryPoint","urlTemplate":"https:\/\/conventodasertahotel.pt\/?s={search_term_string}"},"query-input":{"@type":"PropertyValueSpecification","valueRequired":true,"valueName":"search_term_string"}}],"inLanguage":"en-US"},{"@type":"Organization","@id":"https:\/\/conventodasertahotel.pt\/#organization","name":"Convento da Sert\u00e3","url":"https:\/\/conventodasertahotel.pt\/","logo":{"@type":"ImageObject","inLanguage":"en-US","@id":"https:\/\/conventodasertahotel.pt\/#\/schema\/logo\/image\/","url":"https:\/\/conventodasertahotel.pt\/wp-content\/uploads\/2020\/07\/logo.gif","contentUrl":"https:\/\/conventodasertahotel.pt\/wp-content\/uploads\/2020\/07\/logo.gif","width":367,"height":278,"caption":"Convento da Sert\u00e3"},"image":{"@id":"https:\/\/conventodasertahotel.pt\/#\/schema\/logo\/image\/"},"sameAs":["https:\/\/www.facebook.com\/conventodasertahotel\/","https:\/\/x.com\/conventohotel","https:\/\/www.youtube.com\/channel\/UCYcOnG408eQSTawxu_pIfXg"]}]}},"_links":{"self":[{"href":"https:\/\/conventodasertahotel.pt\/en\/wp-json\/wp\/v2\/pages\/17834","targetHints":{"allow":["GET"]}}],"collection":[{"href":"https:\/\/conventodasertahotel.pt\/en\/wp-json\/wp\/v2\/pages"}],"about":[{"href":"https:\/\/conventodasertahotel.pt\/en\/wp-json\/wp\/v2\/types\/page"}],"author":[{"embeddable":true,"href":"https:\/\/conventodasertahotel.pt\/en\/wp-json\/wp\/v2\/users\/1"}],"replies":[{"embeddable":true,"href":"https:\/\/conventodasertahotel.pt\/en\/wp-json\/wp\/v2\/comments?post=17834"}],"version-history":[{"count":3,"href":"https:\/\/conventodasertahotel.pt\/en\/wp-json\/wp\/v2\/pages\/17834\/revisions"}],"predecessor-version":[{"id":17837,"href":"https:\/\/conventodasertahotel.pt\/en\/wp-json\/wp\/v2\/pages\/17834\/revisions\/17837"}],"wp:attachment":[{"href":"https:\/\/conventodasertahotel.pt\/en\/wp-json\/wp\/v2\/media?parent=17834"}],"curies":[{"name":"wp","href":"https:\/\/api.w.org\/{rel}","templated":true}]}}